{"id":3290,"date":"2019-04-30T12:55:00","date_gmt":"2019-04-30T11:55:00","guid":{"rendered":"https:\/\/parkstrunjan.si\/?page_id=3290"},"modified":"2021-06-03T09:39:12","modified_gmt":"2021-06-03T07:39:12","slug":"marchio-collettivo","status":"publish","type":"page","link":"https:\/\/parkstrunjan.si\/it\/marchio-collettivo\/","title":{"rendered":"Marchio collettivo"},"content":{"rendered":"<p><section class=\"kc-elm kc-css-265512 kc_row\"><div class=\"kc-row-container  kc-container\"><div class=\"kc-wrap-columns\"><div class=\"kc-elm kc-css-862526 kc_col-sm-12 kc_column kc_col-sm-12\"><div class=\"kc-col-container\"><div class=\"kc-elm kc-css-648391 kc_text_block\"><\/p>\n<h3>Marchio collettivo<\/h3>\n<p>Il marchio collettivo \u201cParco naturale Strugnano\u201d \u00e8 un segno distintivo e certifica che un prodotto agricolo o alimentare trasformato, un servizio di ristorazione, alberghiero o turistico originario dell\u2019area del Parco possiede caratteristiche conformi o superiori a quelle prescritte, conferendogli un valore aggiunto come certificazione di alta qualit\u00e0.<\/p>\n<p>\n<\/div><\/div><\/div><\/div><\/div><\/section><section class=\"kc-elm kc-css-564267 kc_row\"><div class=\"kc-row-container  kc-container\"><div class=\"kc-wrap-columns\"><div class=\"kc-elm kc-css-704984 kc_col-sm-12 kc_column kc_col-sm-12\"><div class=\"kc-col-container\"><div class=\"kc-image-gallery kc-elm kc-css-709794\">\n<div class=\"kc_image_gallery kc-carousel-image kc-grid  gallery-columns-4\">\n                    <figure class=\"gallery-item\">\n                        <div class=\"gallery-icon landscape\">\n                            <a href=\"https:\/\/parkstrunjan.si\/wp-content\/uploads\/2019\/06\/znak-kolektivne-znamke.png\"\n                               data-fancybox=\"gallery-28179218\">\n                                <img decoding=\"async\" src=\"https:\/\/parkstrunjan.si\/wp-content\/uploads\/2019\/06\/znak-kolektivne-znamke.png\" alt=\"\">                             <\/a>\n                            <p><\/p>\n                        <\/div>\n                    <\/figure>\n\t\t\t\t                        <figure class=\"gallery-item\">\n                        <div class=\"gallery-icon landscape\">\n                            <a href=\"https:\/\/parkstrunjan.si\/wp-content\/uploads\/2019\/06\/kaki.jpg\"\n                               data-fancybox=\"gallery-28179218\">\n                                <img decoding=\"async\" src=\"https:\/\/parkstrunjan.si\/wp-content\/uploads\/2019\/06\/kaki-1024x768.jpg\" alt=\"\">                             <\/a>\n                            <p><\/p>\n                        <\/div>\n                    <\/figure>\n\t\t\t\t                        <figure class=\"gallery-item\">\n                        <div class=\"gallery-icon landscape\">\n                            <a href=\"https:\/\/parkstrunjan.si\/wp-content\/uploads\/2019\/06\/oljke.jpg\"\n                               data-fancybox=\"gallery-28179218\">\n                                <img decoding=\"async\" src=\"https:\/\/parkstrunjan.si\/wp-content\/uploads\/2019\/06\/oljke-1024x768.jpg\" alt=\"\">                             <\/a>\n                            <p><\/p>\n                        <\/div>\n                    <\/figure>\n\t\t\t\t                        <figure class=\"gallery-item\">\n                        <div class=\"gallery-icon landscape\">\n                            <a href=\"https:\/\/parkstrunjan.si\/wp-content\/uploads\/2019\/06\/arti\u010doke.jpg\"\n                               data-fancybox=\"gallery-28179218\">\n                                <img decoding=\"async\" src=\"https:\/\/parkstrunjan.si\/wp-content\/uploads\/2019\/06\/arti\u010doke-1024x683.jpg\" alt=\"\">                             <\/a>\n                            <p><\/p>\n                        <\/div>\n                    <\/figure>\n\t\t\t\t    <\/div>\n<\/div><\/div><\/div><\/div><\/div><\/section><section class=\"kc-elm kc-css-234234 kc_row\"><div class=\"kc-row-container  kc-container\"><div class=\"kc-wrap-columns\"><div class=\"kc-elm kc-css-506457 kc_col-sm-12 kc_column kc_col-sm-12\"><div class=\"kc-col-container\"><div class=\"kc-elm kc-css-536077 kc_text_block\"><\/p>\n<p>\nOltre a collegare produttori e prestatori di servizi nell\u2019area del Parco naturale Strugnano e proteggere prodotti agricoli e attivit\u00e0 del settore terziario, l\u2019obiettivo del marchio collettivo \u00e8 soprattutto di aumentare la visibilit\u00e0 del parco e conseguire il massimo controllo sulla prestazione dei servizi e sui metodi di coltivazione e\/o lavorazione dei beni all\u2019interno dei suoi confini. Con tale supervisione si vuole diminuire gli impatti sull\u2019ambiente, limitare le attivit\u00e0 che li provocano e quindi garantire il massimo livello di tutela della natura per tutta l\u2019estensione del parco.<\/p>\n<p>Il marchio collettivo, infatti, \u00e8 un marchio di fiducia, certificazione di qualit\u00e0 ed etichetta ecologica insieme. I fornitori autorizzati di beni e servizi lo utilizzano quale garanzia che i loro servizi o la produzione, lavorazione e preparazione per il mercato dei loro prodotti esercitano impatti ambientali meno invasivi possibile.<\/p>\n<p>Il titolare del marchio collettivo \u00e8 l\u2019Istituto pubblico Parco naturale Strugnano, che conferisce ai produttori e fornitori di servizi locali interessati una licenza della durata di un anno per l\u2019utilizzo del marchio. Il marchio collettivo \u00e8 stato registrato nel 2010 con il sostegno finanziario del <a href=\"https:\/\/ec.europa.eu\/agriculture\/cap-funding_sl\" target=\"_blank\" rel=\"noopener noreferrer\">Fondo europeo agricolo per lo sviluppo rurale<\/a>\u00a0(FEASR) tramite l\u2019asse IV (approccio LEADER). La registrazione stessa \u00e8 stata realizzata nell\u2019ambito di LAS Istre, un gruppo di azione locale per lo sviluppo rurale.<\/p>\n<p>Il progetto del marchio collettivo, comunque, non \u00e8 ancora completato. Per il momento, la base legale e quella organizzativa sono disposte solo per la concessione di licenza a produttori del cachi e di carciofi e a olivicoltori, ma il diritto di utilizzare il marchio sar\u00e0 presto esteso anche a mitilicoltori, e in un prossimo futuro anche a fornitori di prodotti agricoli trasformati (prodotti alimentari a base di frutta o verdura, e altri) e di servizi di ristorazione, alloggio e turismo.<\/p>\n<p>\n<\/div>\n<div class=\"kc-elm kc-css-87412 kc-title-wrap \">\n\n\t<h3 class=\"kc_title\">Il diritto di utilizzare il marchio collettivo \u201cParco naturale Strugnano\u201d<\/h3>\n<\/div>\n<div data-allowopenall=\"true\" data-closeall=\"true\" class=\"kc-elm kc-css-200130 kc_accordion_wrapper\">\n<div class=\"kc-elm kc-css-862322 kc_accordion_section group \"><h3 class=\"kc_accordion_header ui-accordion-header\"><span class=\"ui-accordion-header-icon ui-icon\"><\/span><a href=\"#criteri-di-ammissibilita\" data-prevent=\"scroll\"><i class=\"\"><\/i> Criteri di ammissibilit\u00e0<\/a><\/h3><div class=\"kc_accordion_content ui-accordion-content kc_clearfix\"><div class=\"kc-panel-body\"><div class=\"kc-elm kc-css-367115 kc_text_block\"><\/p>\n<p>\nIl diritto di uso del marchio collettivo si concede a <strong>produttori agricoli<\/strong> e <strong>olivicoltori<\/strong> che:<\/p>\n<ul>\n<li>producono i loro beni all\u2019interno dell\u2019area del Parco naturale Strugnano,<\/li>\n<li>nella loro coltivazione utilizzano metodi di agricoltura integrata o biologica,<\/li>\n<li>realizzano tutte le nuove strutture di sostegno o contenimento o ricostruiscono quelle gi\u00e0 esistenti come muri a secco o, nel caso di un muro di cemento, creano l\u2019aspetto di un muro a secco, ossia rivestito con pietra locale e senza stuccare le fughe,<\/li>\n<li>operano in conformit\u00e0 con la destinazione dei terreni e con le disposizioni di legge relative alla pianificazione territoriale ed edilizia.<\/li>\n<\/ul>\n<p>Oltre ai termini generali di cui sopra, \u00e8 applicabile per gli olivicoltori anche la prescrizione che la licenza di uso del marchio collettivo possa essere concessa <strong>esclusivamente<\/strong> ai produttori della variante extra vergine dell\u2019olio di oliva.<\/p>\n<p>Dopo una fase introduttiva biennale, si aggiungono ai termini generali anche le regole disciplinanti la quota delle siepi (filari di arbusti o piccoli alberi disposti fittamente e per una certa estensione al fine di recintare) in terreni agricoli e l\u2019obbligo di contenimento della crescita o rimozione delle specie aliene invasive da tutti i tipi di terreno di propriet\u00e0 o sotto la gestione del licenziatario del marchio collettivo.<\/p>\n<p>I richiedenti licenza devono compilare i moduli di domanda (vedi sotto) con tutti gli allegati richiesti e inviarli all\u2019indirizzo dell\u2019Istituto pubblico Parco naturale Strugnano. Attualmente, i moduli di domanda sono disponibili solo in sloveno.<\/p>\n<p>\n<\/div><\/div><\/div><\/div><div class=\"kc-elm kc-css-669086 kc_accordion_section group \"><h3 class=\"kc_accordion_header ui-accordion-header\"><span class=\"ui-accordion-header-icon ui-icon\"><\/span><a href=\"#moduli-di-domanda\" data-prevent=\"scroll\"><i class=\"\"><\/i> Moduli di domanda<\/a><\/h3><div class=\"kc_accordion_content ui-accordion-content kc_clearfix\"><div class=\"kc-panel-body\"><div class=\"kc-elm kc-css-308601 kc_text_block\"><\/p>\n<p>\nGli interessati alla licenza ai quali il diritto di utilizzare il marchio collettivo \u00e8 gi\u00e0 stato concesso in precedenza e ai cui terreni agricoli nel frattempo non si \u00e8 operato nessun cambiamento di propriet\u00e0 o locazione, devono compilare la \u201cDomanda di rinnovo della licenza d\u2019uso del marchio collettivo\u201d qui sotto.<\/p>\n<p>Gli interessati che presentano la domanda di licenza per la prima volta e i licenziatari ai cui terreni si sono operati cambiamenti di propriet\u00e0 o locazione dal tempo della loro ultima domanda, devono compilare il formulario pubblicato con l\u2019invito.<\/p>\n<p>Tutti gli interessati alla licenza di uso del marchio collettivo che desiderano essere informati per posta elettronica sulle ultime novit\u00e0 e sugli inviti a presentare domanda sono pregati di comunicarlo via e-mail all\u2019indirizzo: <a href=\"mailto:info@parkstrunjan.si\">info@parkstrunjan.si<\/a> per essere aggiunti alla mailing list.<\/p>\n<p>\n<\/div><\/div><\/div><\/div><div class=\"kc-elm kc-css-344059 kc_accordion_section group \"><h3 class=\"kc_accordion_header ui-accordion-header\"><span class=\"ui-accordion-header-icon ui-icon\"><\/span><a href=\"#concessione-e-utilizzo\" data-prevent=\"scroll\"><i class=\"\"><\/i> Concessione e utilizzo<\/a><\/h3><div class=\"kc_accordion_content ui-accordion-content kc_clearfix\"><div class=\"kc-panel-body\"><div class=\"kc-elm kc-css-191025 kc_text_block\"><\/p>\n<p>\nLa decisione se il richiedente soddisfa i criteri per la concessione della licenza di uso del marchio collettivo viene presa, conformemente ai regolamenti, da una commissione di esperti in base alle informazioni fornite nel modulo di domanda e nei suoi allegati e tramite una visita in loco.<\/p>\n<p>A seconda del metodo di produzione si distinguono due versioni dell\u2019etichetta con il marchio collettivo da applicare sulla confezione dei prodotti: gialla per la produzione integrata e verde per quella biologica.<\/p>\n<p>Oltre alle etichette, il licenziatario \u00e8 tenuto a esporre nel luogo di vendita, in maniera ben visibile, anche il certificato corrente di produzione integrata o biologica.<\/p>\n<p>\n<\/div><\/div><\/div><\/div><\/div>\n<div class=\"kc-elm kc-css-727942 kc_text_block\"><\/p>\n<p>\n<\/div><\/div><\/div><\/div><\/div><\/section><\/p>\n","protected":false},"excerpt":{"rendered":"","protected":false},"author":9,"featured_media":3292,"parent":0,"menu_order":36,"comment_status":"closed","ping_status":"closed","template":"","meta":{"_acf_changed":false,"footnotes":""},"class_list":["post-3290","page","type-page","status-publish","has-post-thumbnail","hentry"],"acf":[],"yoast_head":"<!-- This site is optimized with the Yoast SEO plugin v26.8 - https:\/\/yoast.com\/product\/yoast-seo-wordpress\/ -->\n<title>Marchio collettivo | Krajinski park Strunjan<\/title>\n<meta name=\"robots\" content=\"index, follow, max-snippet:-1, max-image-preview:large, max-video-preview:-1\" \/>\n<link rel=\"canonical\" href=\"https:\/\/parkstrunjan.si\/it\/marchio-collettivo\/\" \/>\n<meta property=\"og:locale\" content=\"it_IT\" \/>\n<meta property=\"og:type\" content=\"article\" \/>\n<meta property=\"og:title\" content=\"Marchio collettivo | Krajinski park Strunjan\" \/>\n<meta property=\"og:description\" content=\"Marchio collettivo Il marchio collettivo \u201cParco naturale Strugnano\u201d \u00e8 un segno distintivo e certifica che un prodotto agricolo o alimentare trasformato, un servizio di ristorazione, alberghiero o turistico originario dell\u2019area del Parco possiede caratteristiche conformi o superiori a quelle prescritte, conferendogli un valore aggiunto come certificazione di alta qualit\u00e0. Oltre a collegare produttori e prestatori [&hellip;]\" \/>\n<meta property=\"og:url\" content=\"https:\/\/parkstrunjan.si\/it\/marchio-collettivo\/\" \/>\n<meta property=\"og:site_name\" content=\"Krajinski park Strunjan\" \/>\n<meta property=\"article:modified_time\" content=\"2021-06-03T07:39:12+00:00\" \/>\n<meta property=\"og:image\" content=\"https:\/\/parkstrunjan.si\/wp-content\/uploads\/2018\/11\/kulturna_krajiina.jpg\" \/>\n\t<meta property=\"og:image:width\" content=\"1920\" \/>\n\t<meta property=\"og:image:height\" content=\"500\" \/>\n\t<meta property=\"og:image:type\" content=\"image\/jpeg\" \/>\n<meta name=\"twitter:card\" content=\"summary_large_image\" \/>\n<meta name=\"twitter:label1\" content=\"Tempo di lettura stimato\" \/>\n\t<meta name=\"twitter:data1\" content=\"4 minuti\" \/>\n<script type=\"application\/ld+json\" class=\"yoast-schema-graph\">{\"@context\":\"https:\/\/schema.org\",\"@graph\":[{\"@type\":\"WebPage\",\"@id\":\"https:\/\/parkstrunjan.si\/it\/marchio-collettivo\/\",\"url\":\"https:\/\/parkstrunjan.si\/it\/marchio-collettivo\/\",\"name\":\"Marchio collettivo | Krajinski park Strunjan\",\"isPartOf\":{\"@id\":\"https:\/\/parkstrunjan.si\/#website\"},\"primaryImageOfPage\":{\"@id\":\"https:\/\/parkstrunjan.si\/it\/marchio-collettivo\/#primaryimage\"},\"image\":{\"@id\":\"https:\/\/parkstrunjan.si\/it\/marchio-collettivo\/#primaryimage\"},\"thumbnailUrl\":\"https:\/\/parkstrunjan.si\/wp-content\/uploads\/2018\/11\/kulturna_krajiina.jpg\",\"datePublished\":\"2019-04-30T11:55:00+00:00\",\"dateModified\":\"2021-06-03T07:39:12+00:00\",\"breadcrumb\":{\"@id\":\"https:\/\/parkstrunjan.si\/it\/marchio-collettivo\/#breadcrumb\"},\"inLanguage\":\"it-IT\",\"potentialAction\":[{\"@type\":\"ReadAction\",\"target\":[\"https:\/\/parkstrunjan.si\/it\/marchio-collettivo\/\"]}]},{\"@type\":\"ImageObject\",\"inLanguage\":\"it-IT\",\"@id\":\"https:\/\/parkstrunjan.si\/it\/marchio-collettivo\/#primaryimage\",\"url\":\"https:\/\/parkstrunjan.si\/wp-content\/uploads\/2018\/11\/kulturna_krajiina.jpg\",\"contentUrl\":\"https:\/\/parkstrunjan.si\/wp-content\/uploads\/2018\/11\/kulturna_krajiina.jpg\",\"width\":1920,\"height\":500},{\"@type\":\"BreadcrumbList\",\"@id\":\"https:\/\/parkstrunjan.si\/it\/marchio-collettivo\/#breadcrumb\",\"itemListElement\":[{\"@type\":\"ListItem\",\"position\":1,\"name\":\"Home\",\"item\":\"https:\/\/parkstrunjan.si\/it\/\"},{\"@type\":\"ListItem\",\"position\":2,\"name\":\"Marchio collettivo\"}]},{\"@type\":\"WebSite\",\"@id\":\"https:\/\/parkstrunjan.si\/#website\",\"url\":\"https:\/\/parkstrunjan.si\/\",\"name\":\"Krajinski park Strunjan\",\"description\":\"Kjer se sre\u010dujeta kopno in morje\",\"publisher\":{\"@id\":\"https:\/\/parkstrunjan.si\/#organization\"},\"potentialAction\":[{\"@type\":\"SearchAction\",\"target\":{\"@type\":\"EntryPoint\",\"urlTemplate\":\"https:\/\/parkstrunjan.si\/?s={search_term_string}\"},\"query-input\":{\"@type\":\"PropertyValueSpecification\",\"valueRequired\":true,\"valueName\":\"search_term_string\"}}],\"inLanguage\":\"it-IT\"},{\"@type\":\"Organization\",\"@id\":\"https:\/\/parkstrunjan.si\/#organization\",\"name\":\"Krajinski park Strunjan\",\"url\":\"https:\/\/parkstrunjan.si\/\",\"logo\":{\"@type\":\"ImageObject\",\"inLanguage\":\"it-IT\",\"@id\":\"https:\/\/parkstrunjan.si\/#\/schema\/logo\/image\/\",\"url\":\"https:\/\/parkstrunjan.si\/wp-content\/uploads\/2019\/04\/www_parkstrunjan_si_422aadf1f29e0bd85fddab969ddc1b56.png\",\"contentUrl\":\"https:\/\/parkstrunjan.si\/wp-content\/uploads\/2019\/04\/www_parkstrunjan_si_422aadf1f29e0bd85fddab969ddc1b56.png\",\"width\":311,\"height\":339,\"caption\":\"Krajinski park Strunjan\"},\"image\":{\"@id\":\"https:\/\/parkstrunjan.si\/#\/schema\/logo\/image\/\"}}]}<\/script>\n<!-- \/ Yoast SEO plugin. -->","yoast_head_json":{"title":"Marchio collettivo | Krajinski park Strunjan","robots":{"index":"index","follow":"follow","max-snippet":"max-snippet:-1","max-image-preview":"max-image-preview:large","max-video-preview":"max-video-preview:-1"},"canonical":"https:\/\/parkstrunjan.si\/it\/marchio-collettivo\/","og_locale":"it_IT","og_type":"article","og_title":"Marchio collettivo | Krajinski park Strunjan","og_description":"Marchio collettivo Il marchio collettivo \u201cParco naturale Strugnano\u201d \u00e8 un segno distintivo e certifica che un prodotto agricolo o alimentare trasformato, un servizio di ristorazione, alberghiero o turistico originario dell\u2019area del Parco possiede caratteristiche conformi o superiori a quelle prescritte, conferendogli un valore aggiunto come certificazione di alta qualit\u00e0. Oltre a collegare produttori e prestatori [&hellip;]","og_url":"https:\/\/parkstrunjan.si\/it\/marchio-collettivo\/","og_site_name":"Krajinski park Strunjan","article_modified_time":"2021-06-03T07:39:12+00:00","og_image":[{"width":1920,"height":500,"url":"https:\/\/parkstrunjan.si\/wp-content\/uploads\/2018\/11\/kulturna_krajiina.jpg","type":"image\/jpeg"}],"twitter_card":"summary_large_image","twitter_misc":{"Tempo di lettura stimato":"4 minuti"},"schema":{"@context":"https:\/\/schema.org","@graph":[{"@type":"WebPage","@id":"https:\/\/parkstrunjan.si\/it\/marchio-collettivo\/","url":"https:\/\/parkstrunjan.si\/it\/marchio-collettivo\/","name":"Marchio collettivo | Krajinski park Strunjan","isPartOf":{"@id":"https:\/\/parkstrunjan.si\/#website"},"primaryImageOfPage":{"@id":"https:\/\/parkstrunjan.si\/it\/marchio-collettivo\/#primaryimage"},"image":{"@id":"https:\/\/parkstrunjan.si\/it\/marchio-collettivo\/#primaryimage"},"thumbnailUrl":"https:\/\/parkstrunjan.si\/wp-content\/uploads\/2018\/11\/kulturna_krajiina.jpg","datePublished":"2019-04-30T11:55:00+00:00","dateModified":"2021-06-03T07:39:12+00:00","breadcrumb":{"@id":"https:\/\/parkstrunjan.si\/it\/marchio-collettivo\/#breadcrumb"},"inLanguage":"it-IT","potentialAction":[{"@type":"ReadAction","target":["https:\/\/parkstrunjan.si\/it\/marchio-collettivo\/"]}]},{"@type":"ImageObject","inLanguage":"it-IT","@id":"https:\/\/parkstrunjan.si\/it\/marchio-collettivo\/#primaryimage","url":"https:\/\/parkstrunjan.si\/wp-content\/uploads\/2018\/11\/kulturna_krajiina.jpg","contentUrl":"https:\/\/parkstrunjan.si\/wp-content\/uploads\/2018\/11\/kulturna_krajiina.jpg","width":1920,"height":500},{"@type":"BreadcrumbList","@id":"https:\/\/parkstrunjan.si\/it\/marchio-collettivo\/#breadcrumb","itemListElement":[{"@type":"ListItem","position":1,"name":"Home","item":"https:\/\/parkstrunjan.si\/it\/"},{"@type":"ListItem","position":2,"name":"Marchio collettivo"}]},{"@type":"WebSite","@id":"https:\/\/parkstrunjan.si\/#website","url":"https:\/\/parkstrunjan.si\/","name":"Krajinski park Strunjan","description":"Kjer se sre\u010dujeta kopno in morje","publisher":{"@id":"https:\/\/parkstrunjan.si\/#organization"},"potentialAction":[{"@type":"SearchAction","target":{"@type":"EntryPoint","urlTemplate":"https:\/\/parkstrunjan.si\/?s={search_term_string}"},"query-input":{"@type":"PropertyValueSpecification","valueRequired":true,"valueName":"search_term_string"}}],"inLanguage":"it-IT"},{"@type":"Organization","@id":"https:\/\/parkstrunjan.si\/#organization","name":"Krajinski park Strunjan","url":"https:\/\/parkstrunjan.si\/","logo":{"@type":"ImageObject","inLanguage":"it-IT","@id":"https:\/\/parkstrunjan.si\/#\/schema\/logo\/image\/","url":"https:\/\/parkstrunjan.si\/wp-content\/uploads\/2019\/04\/www_parkstrunjan_si_422aadf1f29e0bd85fddab969ddc1b56.png","contentUrl":"https:\/\/parkstrunjan.si\/wp-content\/uploads\/2019\/04\/www_parkstrunjan_si_422aadf1f29e0bd85fddab969ddc1b56.png","width":311,"height":339,"caption":"Krajinski park Strunjan"},"image":{"@id":"https:\/\/parkstrunjan.si\/#\/schema\/logo\/image\/"}}]}},"_links":{"self":[{"href":"https:\/\/parkstrunjan.si\/it\/wp-json\/wp\/v2\/pages\/3290","targetHints":{"allow":["GET"]}}],"collection":[{"href":"https:\/\/parkstrunjan.si\/it\/wp-json\/wp\/v2\/pages"}],"about":[{"href":"https:\/\/parkstrunjan.si\/it\/wp-json\/wp\/v2\/types\/page"}],"author":[{"embeddable":true,"href":"https:\/\/parkstrunjan.si\/it\/wp-json\/wp\/v2\/users\/9"}],"replies":[{"embeddable":true,"href":"https:\/\/parkstrunjan.si\/it\/wp-json\/wp\/v2\/comments?post=3290"}],"version-history":[{"count":0,"href":"https:\/\/parkstrunjan.si\/it\/wp-json\/wp\/v2\/pages\/3290\/revisions"}],"wp:featuredmedia":[{"embeddable":true,"href":"https:\/\/parkstrunjan.si\/it\/wp-json\/wp\/v2\/media\/3292"}],"wp:attachment":[{"href":"https:\/\/parkstrunjan.si\/it\/wp-json\/wp\/v2\/media?parent=3290"}],"curies":[{"name":"wp","href":"https:\/\/api.w.org\/{rel}","templated":true}]}}